{"id":2813,"date":"2015-02-12T21:42:06","date_gmt":"2015-02-12T20:42:06","guid":{"rendered":"http:\/\/westino.com\/wpp\/?page_id=2813"},"modified":"2019-07-15T16:10:04","modified_gmt":"2019-07-15T14:10:04","slug":"datenschutz","status":"publish","type":"page","link":"https:\/\/westino.com\/wpp\/index.php\/datenschutz\/","title":{"rendered":"Datenschutz"},"content":{"rendered":"<!--themify_builder_content-->\n<div id=\"themify_builder_content-2813\" data-postid=\"2813\" class=\"themify_builder_content themify_builder_content-2813 themify_builder tf_clear\">\n                    <div  data-lazy=\"1\" class=\"module_row themify_builder_row tb_882g494 tb_first tf_w\">\n                        <div class=\"row_inner col_align_top tb_col_count_1 tf_box tf_rel\">\n                        <div  data-lazy=\"1\" class=\"module_column tb-column col-full tb_ve4s496 first\">\n                    <!-- module text -->\n<div  class=\"module module-text tb_gnqr497  repeat \" data-lazy=\"1\">\n        <div  class=\"tb_text_wrap\">\n        <header class=\\\"entry-header\\\"><h3>\u00a7 1 Information \u00fcber die Erhebung personenbezogener Daten<\/h3><p class=\\\"standardtext\\\">Im Folgenden informieren wir \u00fcber die Erhebung personenbezogener Daten bei Nutzung unserer Website. Personenbezogene Daten sind alle Daten, die auf Sie pers\u00f6nlich beziehbar sind, z. B. Name, Adresse, E-Mail, Nutzerverhalten.<\/p><p class=\\\"standardtext\\\">Verantwortlicher gem. Art. 4 Abs. 7 Datenschutz-Grundverordnung (DS-GVO) ist:<\/p><p class=\\\"standardtext\\\">Westino GmbH<br \/>Alte Mainzer Gasse 15<br \/>60311 Frankfurt am Main<br \/>E-Mail: inf@westino.com<\/p><p class=\\\"standardtext\\\">Sie erreichen unseren Datenschutzbeauftragten unter:<\/p><p class=\\\"standardtext\\\">J\u00fcrgen Wei\u00df<br \/>Westino GmbH<br \/>Alte Mainzer Gasse 15<br \/>60311 Frankfurt am Main<br \/>E-Mail: inf@westino.com<\/p><p class=\\\"standardtext\\\">oder unter unserer Postadresse mit dem Zusatz \u201eder Datenschutzbeauftragte\u201c.<\/p><h3>\u00a7 2 Erhebung personenbezogener Daten bei Besuch unserer Website<\/h3><p class=\\\"standardtext\\\">Bei der blo\u00df informatorischen Nutzung der Website, also wenn Sie uns keine Informationen \u00fcbermitteln, erheben wir nur die personenbezogenen Daten, die Ihr Browser an unseren Server \u00fcbermittelt. Wenn Sie unsere Website betrachten m\u00f6chten, erheben wir die folgenden Daten, die f\u00fcr uns technisch erforderlich sind, um Ihnen unsere Website anzuzeigen und die Stabilit\u00e4t und Sicherheit zu gew\u00e4hrleisten (Rechtsgrundlage ist Art. 6 Abs. 1 S. 1 lit. f DS-GVO):<\/p><p class=\\\"standardtext\\\">\u2013 IP-Adresse<br \/>\u2013 Datum und Uhrzeit der Anfrage<br \/>\u2013 Zeitzonendifferenz zur Greenwich Mean Time (GMT)<br \/>\u2013 Inhalt der Anforderung (konkrete Seite)<br \/>\u2013 Zugriffsstatus\/HTTP-Statuscode<br \/>\u2013 jeweils \u00fcbertragene Datenmenge<br \/>\u2013 Website, von der die Anforderung kommt<br \/>\u2013 Browser<br \/>\u2013 Betriebssystem und dessen Oberfl\u00e4che<br \/>\u2013 Sprache und Version der Browsersoftware.<\/p><h3>\u00a7 3 Personenbezogene Daten, Zwecke und Rechtsgrundlagen der Verarbeitung<\/h3><p class=\\\"standardtext\\\">Bei Ihrer Kontaktaufnahme mit uns per E-Mail werden die von Ihnen mitgeteilten Daten (Vorname, Name, Anschrift, Ihre E-Mail-Adresse, u. a. soweit von Ihnen angegeben) von uns gespeichert, um Ihre Fragen zu beantworten oder ein Angebot zu erstellen. Diese Daten erheben wir auf der Rechtsgrundlage des Art. 6 Abs. 1 lit. b DS-GVO, der die Verarbeitung von Daten zur Erf\u00fcllung eines Vertrages oder vorvertraglicher Ma\u00dfnahmen gestattet. Die in diesem Zusammenhang anfallenden Daten l\u00f6schen wir, nachdem die zweckgebundene Speicherung nicht mehr erforderlich ist, oder schr\u00e4nken die Verarbeitung ein, falls gesetzliche Aufbewahrungspflichten bestehen. Soweit Sie eine allgemeine Anfrage stellen, werden die Daten nach Abschluss des Anfragevorgangs f\u00fcr einen maximalen Zeitraum von 3 Monaten gespeichert. Hiernach werden sie gel\u00f6scht.<\/p><p class=\\\"standardtext\\\">Nutzung unseres Webshops<\/p><p class=\\\"standardtext\\\">Wenn Sie in unserem Webshop bestellen m\u00f6chten, ist es f\u00fcr den Vertragsabschluss erforderlich, dass Sie Ihre pers\u00f6nlichen Daten angeben, die wir f\u00fcr die Abwicklung Ihrer Bestellung ben\u00f6tigen. F\u00fcr die Abwicklung der Vertr\u00e4ge notwendige Pflichtangaben sind gesondert markiert, weitere Angaben sind freiwillig. Die von Ihnen angegebenen Daten verarbeiten wir zur Abwicklung Ihrer Bestellung. Dazu k\u00f6nnen wir Ihre Zahlungsdaten an unsere Hausbank weitergeben. Wir ben\u00f6tigen Ihre E-Mail-Adresse um Ihnen eine Best\u00e4tigungs-E-Mail zukommen zu lassen. Diese enth\u00e4lt auch die Rechnung. Dar\u00fcber hinaus erhalten Sie eine Versandbest\u00e4tigung.<\/p><p class=\\\"standardtext\\\">Rechtsgrundlage hierf\u00fcr ist Art. 6 Abs. 1 S. 1 lit. b DS-GVO.<\/p><p class=\\\"standardtext\\\">Wir sind aufgrund handels- und steuerrechtlicher Vorgaben verpflichtet, Ihre Adress-, Zahlungs- und Bestelldaten f\u00fcr die Dauer von zehn Jahren zu speichern. Allerdings nehmen wir nach zwei Jahren eine Einschr\u00e4nkung der Verarbeitung vor, d. h. Ihre Daten werden nur zur Einhaltung der gesetzlichen Verpflichtungen eingesetzt.<\/p><p class=\\\"standardtext\\\">Zur Verhinderung unberechtigter Zugriffe Dritter auf Ihre pers\u00f6nlichen Daten, insbesondere Finanzdaten, wird der Bestellvorgang per TLS-Technik verschl\u00fcsselt.<\/p><p class=\\\"standardtext\\\">Teilweise bedienen wir uns zur Verarbeitung Ihrer Daten externer Dienstleister. Diese wurden von uns sorgf\u00e4ltig ausgew\u00e4hlt und beauftragt, sind an unsere Weisungen gebunden und werden regelm\u00e4\u00dfig kontrolliert. Rechtsgrundlage ist Art. 28 DS-GVO in Verbindung mit Auftragsverarbeitungsvertr\u00e4gen.<\/p><p class=\\\"standardtext\\\">Weiterhin k\u00f6nnen wir Ihre personenbezogenen Daten an Dritte weitergeben, wenn Vertragsabschl\u00fcsse oder \u00e4hnliche Leistungen von uns gemeinsam mit Partnern angeboten werden.<\/p><p class=\\\"standardtext\\\">Soweit unsere Dienstleister oder Partner ihren Sitz in einem Staat au\u00dferhalb des Europ\u00e4ischen Wirtschaftsraumen (EWR) haben, informieren wir Sie \u00fcber die Folgen dieses Umstands in der Beschreibung des Angebotes.<\/p><h3>\u00a7 4 <strong>Verwendung von Cookies<\/strong><\/h3><p>Auf verschiedenen Seiten verwenden wir Cookies, um den Besuch unserer Website attraktiv zu gestalten und die Nutzung bestimmter Funktionen zu erm\u00f6glichen. Hierbei handelt es sich um kleine Textdateien, die auf Ihrem Rechner abgelegt werden. Die meisten der von uns verwendeten<br \/>Cookies werden nach Ende der Browser-Sitzung wieder von Ihrer Festplatte gel\u00f6scht (sog. Sitzungs-Cookies). Andere Cookies verbleiben auf Ihrem Rechner und erm\u00f6glichen uns, Ihren Rechner bei Ihrem n\u00e4chsten Besuch wieder zu erkennen (sog. dauerhafte Cookies). [Diese Cookies dienen der Begr\u00fc\u00dfung mit Ihrem Benutzernamen und er\u00fcbrigen Ihnen bei Folgebestellungen die erneute Eingabe Ihres Passwortes oder das Ausf\u00fcllen von Formularen<br \/>mit Ihren Daten.] Unseren Partnerunternehmen ist es nicht gestattet, \u00fcber unsere Website personenbezogene Daten mittels Cookies zu erheben, zu verarbeiten oder zu nutzen.<\/p><h3>\u00a7 5 Tracking Tools<\/h3><p class=\\\"standardtext\\\">Wir nutzen keine Tracking Tools.<\/p><h3 class=\\\"entry-title\\\">\u00a7 6 Dauer der Speicherung<\/h3><p class=\\\"standardtext\\\">Wir speichern Ihre personenbezogenen Daten f\u00fcr die Dauer, die im Rahmen der genannten Zwecke erforderlich sind und weiter f\u00fcr den Zeitraum, in dem wir mit der Geltendmachung von Rechtsanspr\u00fcchen rechnen m\u00fcssen. So kann die gesetzliche Verj\u00e4hrungsfrist f\u00fcr solche Anspr\u00fcche im Einzelfall zwischen drei bis zu drei\u00dfig Jahren betragen.<\/p><p class=\\\"standardtext\\\">Dar\u00fcber hinaus speichern wir personenbezogenen Daten im Rahmen der gesetzlichen Nachweis- und Aufbewahrungspflichten (bspw. nach Handelsgesetzbuch, Abgabenordnung, Geldw\u00e4schegesetz). Die gesetzlichen Aufbewahrungsfristen k\u00f6nnen bis zu zehn Jahre betragen. Hiernach werden die Daten gel\u00f6scht.<\/p><h3>\u00a7 7 Ihre Rechte\u00a0<\/h3><p class=\\\"standardtext\\\">Sie haben gegen\u00fcber uns folgende Rechte hinsichtlich der Sie betreffenden personenbezogenen Daten:<\/p><p class=\\\"standardtext\\\">&#8211; das Recht auf Auskunft gem\u00e4\u00df Art. 15 DS-GVO<br \/>&#8211; das Recht auf Berichtigung gem\u00e4\u00df Art. 16 DS-GVO<br \/>&#8211; das Recht auf L\u00f6schung gem\u00e4\u00df Art. 17 DS-GVO<br \/>&#8211; das Recht auf Einschr\u00e4nkung der Verarbeitung gem\u00e4\u00df Art. 18 DS-GVO<br \/>&#8211; das Recht auf Widerspruch gem\u00e4\u00df Art. 21 DS-GVO<br \/>&#8211; das Recht auf Daten\u00fcbertragung gem\u00e4\u00df Art. 35 DS-GVO<\/p><p class=\\\"standardtext\\\">Dar\u00fcber hinaus haben Sie die M\u00f6glichkeit, sich an die zust\u00e4ndige Aufsichtsbeh\u00f6rde zu wenden.<\/p><p class=\\\"standardtext\\\">Die zust\u00e4ndige Aufsichtsbeh\u00f6rde erreichen Sie, wie folgt:<\/p><p class=\\\"standardtext\\\">Der Hessische Beauftragte f\u00fcr Datenschutz und Informationsfreiheit<\/p><p class=\\\"standardtext\\\">Prof. Dr. Michael Ronellenfitsch<\/p><p class=\\\"standardtext\\\">Presse- und \u00d6ffentlichkeitsarbeit<br \/>Gustav-Stresemann-Ring 1<br \/>65189 Wiesbaden<\/p><p>Telefon: 0611-1408 0<br \/>Telefax: 0611-1408 611<\/p><h3>\u00a7 8 Widerspruch oder Widerruf gegen die Verarbeitung Ihrer Daten\u00a0<\/h3><p class=\\\"standardtext\\\">Falls Sie eine Einwilligung zur Verarbeitung Ihrer Daten erteilt haben, k\u00f6nnen Sie diese jederzeit widerrufen. Ein solcher Widerruf beeinflusst die Zul\u00e4ssigkeit der Verarbeitung Ihrer personenbezogenen Daten, nachdem Sie ihn gegen\u00fcber uns ausgesprochen haben.<\/p><p class=\\\"standardtext\\\">Soweit wir die Verarbeitung Ihrer personenbezogenen Daten auf die Interessenabw\u00e4gung st\u00fctzen, k\u00f6nnen Sie Widerspruch gegen die Verarbeitung einlegen. Dies ist der Fall, wenn die Verarbeitung insbesondere nicht zur Erf\u00fcllung eines Vertrags mit Ihnen erforderlich ist, was von uns jeweils bei der nachfolgenden Beschreibung der Funktionen dargestellt wird. Bei Aus\u00fcbung eines solchen Widerspruchs bitten wir um Darlegung der Gr\u00fcnde, weshalb wir Ihre personenbezogenen Daten nicht wie von uns durchgef\u00fchrt verarbeiten sollten. Im Falle Ihres begr\u00fcndeten Widerspruchs pr\u00fcfen wir die Sachlage und werden entweder die Datenverarbeitung einstellen bzw. anpassen oder Ihnen unsere zwingenden schutzw\u00fcrdigen Gr\u00fcnde aufzeigen, aufgrund derer wir die Verarbeitung fortf\u00fchren.<\/p><p class=\\\"standardtext\\\">Selbstverst\u00e4ndlich k\u00f6nnen Sie der Verarbeitung Ihrer personenbezogenen Daten f\u00fcr Zwecke der Werbung und Datenanalyse jederzeit widersprechen. \u00dcber Ihren Werbewiderspruch k\u00f6nnen Sie uns unter den oben genannten Kontaktdaten informieren:<\/p><h3 class=\\\"entry-title\\\">\u00a7 9 \u00c4nderungen\u00a0<\/h3><p class=\\\"standardtext\\\">Wir behalten uns \u00c4nderungen vor und werden diese Datenschutzerkl\u00e4rung gegebenenfalls anpassen.<\/p><p class=\\\"standardtext\\\">Stand 25.05.2018<\/p><\/header>    <\/div>\n<\/div>\n<!-- \/module text -->        <\/div>\n                        <\/div>\n        <\/div>\n        <\/div>\n<!--\/themify_builder_content-->","protected":false},"excerpt":{"rendered":"<p>\u00a7 1 Information \u00fcber die Erhebung personenbezogener Daten Im Folgenden informieren wir \u00fcber die Erhebung personenbezogener Daten bei Nutzung unserer Website. Personenbezogene Daten sind alle Daten, die auf Sie pers\u00f6nlich beziehbar sind, z. B. Name, Adresse, E-Mail, Nutzerverhalten. Verantwortlicher gem. Art. 4 Abs. 7 Datenschutz-Grundverordnung (DS-GVO) ist: Westino GmbHAlte Mainzer Gasse 1560311 Frankfurt am MainE-Mail: [&hellip;]<\/p>\n","protected":false},"author":1,"featured_media":0,"parent":0,"menu_order":0,"comment_status":"open","ping_status":"open","template":"","meta":{"footnotes":""},"class_list":["post-2813","page","type-page","status-publish","hentry","has-post-title","has-post-date","has-post-category","has-post-tag","has-post-comment","has-post-author",""],"builder_content":"<header class=\\\"entry-header\\\"><h3>\u00a7 1 Information \u00fcber die Erhebung personenbezogener Daten<\/h3><p class=\\\"standardtext\\\">Im Folgenden informieren wir \u00fcber die Erhebung personenbezogener Daten bei Nutzung unserer Website. Personenbezogene Daten sind alle Daten, die auf Sie pers\u00f6nlich beziehbar sind, z. B. Name, Adresse, E-Mail, Nutzerverhalten.<\/p><p class=\\\"standardtext\\\">Verantwortlicher gem. Art. 4 Abs. 7 Datenschutz-Grundverordnung (DS-GVO) ist:<\/p><p class=\\\"standardtext\\\">Westino GmbH<br \/>Alte Mainzer Gasse 15<br \/>60311 Frankfurt am Main<br \/>E-Mail: inf@westino.com<\/p><p class=\\\"standardtext\\\">Sie erreichen unseren Datenschutzbeauftragten unter:<\/p><p class=\\\"standardtext\\\">J\u00fcrgen Wei\u00df<br \/>Westino GmbH<br \/>Alte Mainzer Gasse 15<br \/>60311 Frankfurt am Main<br \/>E-Mail: inf@westino.com<\/p><p class=\\\"standardtext\\\">oder unter unserer Postadresse mit dem Zusatz \u201eder Datenschutzbeauftragte\u201c.<\/p><h3>\u00a7 2 Erhebung personenbezogener Daten bei Besuch unserer Website<\/h3><p class=\\\"standardtext\\\">Bei der blo\u00df informatorischen Nutzung der Website, also wenn Sie uns keine Informationen \u00fcbermitteln, erheben wir nur die personenbezogenen Daten, die Ihr Browser an unseren Server \u00fcbermittelt. Wenn Sie unsere Website betrachten m\u00f6chten, erheben wir die folgenden Daten, die f\u00fcr uns technisch erforderlich sind, um Ihnen unsere Website anzuzeigen und die Stabilit\u00e4t und Sicherheit zu gew\u00e4hrleisten (Rechtsgrundlage ist Art. 6 Abs. 1 S. 1 lit. f DS-GVO):<\/p><p class=\\\"standardtext\\\">\u2013 IP-Adresse<br \/>\u2013 Datum und Uhrzeit der Anfrage<br \/>\u2013 Zeitzonendifferenz zur Greenwich Mean Time (GMT)<br \/>\u2013 Inhalt der Anforderung (konkrete Seite)<br \/>\u2013 Zugriffsstatus\/HTTP-Statuscode<br \/>\u2013 jeweils \u00fcbertragene Datenmenge<br \/>\u2013 Website, von der die Anforderung kommt<br \/>\u2013 Browser<br \/>\u2013 Betriebssystem und dessen Oberfl\u00e4che<br \/>\u2013 Sprache und Version der Browsersoftware.<\/p><h3>\u00a7 3 Personenbezogene Daten, Zwecke und Rechtsgrundlagen der Verarbeitung<\/h3><p class=\\\"standardtext\\\">Bei Ihrer Kontaktaufnahme mit uns per E-Mail werden die von Ihnen mitgeteilten Daten (Vorname, Name, Anschrift, Ihre E-Mail-Adresse, u. a. soweit von Ihnen angegeben) von uns gespeichert, um Ihre Fragen zu beantworten oder ein Angebot zu erstellen. Diese Daten erheben wir auf der Rechtsgrundlage des Art. 6 Abs. 1 lit. b DS-GVO, der die Verarbeitung von Daten zur Erf\u00fcllung eines Vertrages oder vorvertraglicher Ma\u00dfnahmen gestattet. Die in diesem Zusammenhang anfallenden Daten l\u00f6schen wir, nachdem die zweckgebundene Speicherung nicht mehr erforderlich ist, oder schr\u00e4nken die Verarbeitung ein, falls gesetzliche Aufbewahrungspflichten bestehen. Soweit Sie eine allgemeine Anfrage stellen, werden die Daten nach Abschluss des Anfragevorgangs f\u00fcr einen maximalen Zeitraum von 3 Monaten gespeichert. Hiernach werden sie gel\u00f6scht.<\/p><p class=\\\"standardtext\\\">Nutzung unseres Webshops<\/p><p class=\\\"standardtext\\\">Wenn Sie in unserem Webshop bestellen m\u00f6chten, ist es f\u00fcr den Vertragsabschluss erforderlich, dass Sie Ihre pers\u00f6nlichen Daten angeben, die wir f\u00fcr die Abwicklung Ihrer Bestellung ben\u00f6tigen. F\u00fcr die Abwicklung der Vertr\u00e4ge notwendige Pflichtangaben sind gesondert markiert, weitere Angaben sind freiwillig. Die von Ihnen angegebenen Daten verarbeiten wir zur Abwicklung Ihrer Bestellung. Dazu k\u00f6nnen wir Ihre Zahlungsdaten an unsere Hausbank weitergeben. Wir ben\u00f6tigen Ihre E-Mail-Adresse um Ihnen eine Best\u00e4tigungs-E-Mail zukommen zu lassen. Diese enth\u00e4lt auch die Rechnung. Dar\u00fcber hinaus erhalten Sie eine Versandbest\u00e4tigung.<\/p><p class=\\\"standardtext\\\">Rechtsgrundlage hierf\u00fcr ist Art. 6 Abs. 1 S. 1 lit. b DS-GVO.<\/p><p class=\\\"standardtext\\\">Wir sind aufgrund handels- und steuerrechtlicher Vorgaben verpflichtet, Ihre Adress-, Zahlungs- und Bestelldaten f\u00fcr die Dauer von zehn Jahren zu speichern. Allerdings nehmen wir nach zwei Jahren eine Einschr\u00e4nkung der Verarbeitung vor, d. h. Ihre Daten werden nur zur Einhaltung der gesetzlichen Verpflichtungen eingesetzt.<\/p><p class=\\\"standardtext\\\">Zur Verhinderung unberechtigter Zugriffe Dritter auf Ihre pers\u00f6nlichen Daten, insbesondere Finanzdaten, wird der Bestellvorgang per TLS-Technik verschl\u00fcsselt.<\/p><p class=\\\"standardtext\\\">Teilweise bedienen wir uns zur Verarbeitung Ihrer Daten externer Dienstleister. Diese wurden von uns sorgf\u00e4ltig ausgew\u00e4hlt und beauftragt, sind an unsere Weisungen gebunden und werden regelm\u00e4\u00dfig kontrolliert. Rechtsgrundlage ist Art. 28 DS-GVO in Verbindung mit Auftragsverarbeitungsvertr\u00e4gen.<\/p><p class=\\\"standardtext\\\">Weiterhin k\u00f6nnen wir Ihre personenbezogenen Daten an Dritte weitergeben, wenn Vertragsabschl\u00fcsse oder \u00e4hnliche Leistungen von uns gemeinsam mit Partnern angeboten werden.<\/p><p class=\\\"standardtext\\\">Soweit unsere Dienstleister oder Partner ihren Sitz in einem Staat au\u00dferhalb des Europ\u00e4ischen Wirtschaftsraumen (EWR) haben, informieren wir Sie \u00fcber die Folgen dieses Umstands in der Beschreibung des Angebotes.<\/p><h3>\u00a7 4 <strong>Verwendung von Cookies<\/strong><\/h3><p>Auf verschiedenen Seiten verwenden wir Cookies, um den Besuch unserer Website attraktiv zu gestalten und die Nutzung bestimmter Funktionen zu erm\u00f6glichen. Hierbei handelt es sich um kleine Textdateien, die auf Ihrem Rechner abgelegt werden. Die meisten der von uns verwendeten<br \/>Cookies werden nach Ende der Browser-Sitzung wieder von Ihrer Festplatte gel\u00f6scht (sog. Sitzungs-Cookies). Andere Cookies verbleiben auf Ihrem Rechner und erm\u00f6glichen uns, Ihren Rechner bei Ihrem n\u00e4chsten Besuch wieder zu erkennen (sog. dauerhafte Cookies). [Diese Cookies dienen der Begr\u00fc\u00dfung mit Ihrem Benutzernamen und er\u00fcbrigen Ihnen bei Folgebestellungen die erneute Eingabe Ihres Passwortes oder das Ausf\u00fcllen von Formularen<br \/>mit Ihren Daten.] Unseren Partnerunternehmen ist es nicht gestattet, \u00fcber unsere Website personenbezogene Daten mittels Cookies zu erheben, zu verarbeiten oder zu nutzen.<\/p><h3>\u00a7 5 Tracking Tools<\/h3><p class=\\\"standardtext\\\">Wir nutzen keine Tracking Tools.<\/p><h3 class=\\\"entry-title\\\">\u00a7 6 Dauer der Speicherung<\/h3><p class=\\\"standardtext\\\">Wir speichern Ihre personenbezogenen Daten f\u00fcr die Dauer, die im Rahmen der genannten Zwecke erforderlich sind und weiter f\u00fcr den Zeitraum, in dem wir mit der Geltendmachung von Rechtsanspr\u00fcchen rechnen m\u00fcssen. So kann die gesetzliche Verj\u00e4hrungsfrist f\u00fcr solche Anspr\u00fcche im Einzelfall zwischen drei bis zu drei\u00dfig Jahren betragen.<\/p><p class=\\\"standardtext\\\">Dar\u00fcber hinaus speichern wir personenbezogenen Daten im Rahmen der gesetzlichen Nachweis- und Aufbewahrungspflichten (bspw. nach Handelsgesetzbuch, Abgabenordnung, Geldw\u00e4schegesetz). Die gesetzlichen Aufbewahrungsfristen k\u00f6nnen bis zu zehn Jahre betragen. Hiernach werden die Daten gel\u00f6scht.<\/p><h3>\u00a7 7 Ihre Rechte\u00a0<\/h3><p class=\\\"standardtext\\\">Sie haben gegen\u00fcber uns folgende Rechte hinsichtlich der Sie betreffenden personenbezogenen Daten:<\/p><p class=\\\"standardtext\\\">- das Recht auf Auskunft gem\u00e4\u00df Art. 15 DS-GVO<br \/>- das Recht auf Berichtigung gem\u00e4\u00df Art. 16 DS-GVO<br \/>- das Recht auf L\u00f6schung gem\u00e4\u00df Art. 17 DS-GVO<br \/>- das Recht auf Einschr\u00e4nkung der Verarbeitung gem\u00e4\u00df Art. 18 DS-GVO<br \/>- das Recht auf Widerspruch gem\u00e4\u00df Art. 21 DS-GVO<br \/>- das Recht auf Daten\u00fcbertragung gem\u00e4\u00df Art. 35 DS-GVO<\/p><p class=\\\"standardtext\\\">Dar\u00fcber hinaus haben Sie die M\u00f6glichkeit, sich an die zust\u00e4ndige Aufsichtsbeh\u00f6rde zu wenden.<\/p><p class=\\\"standardtext\\\">Die zust\u00e4ndige Aufsichtsbeh\u00f6rde erreichen Sie, wie folgt:<\/p><p class=\\\"standardtext\\\">Der Hessische Beauftragte f\u00fcr Datenschutz und Informationsfreiheit<\/p><p class=\\\"standardtext\\\">Prof. Dr. Michael Ronellenfitsch<\/p><p class=\\\"standardtext\\\">Presse- und \u00d6ffentlichkeitsarbeit<br \/>Gustav-Stresemann-Ring 1<br \/>65189 Wiesbaden<\/p><p>Telefon: 0611-1408 0<br \/>Telefax: 0611-1408 611<\/p><h3>\u00a7 8 Widerspruch oder Widerruf gegen die Verarbeitung Ihrer Daten\u00a0<\/h3><p class=\\\"standardtext\\\">Falls Sie eine Einwilligung zur Verarbeitung Ihrer Daten erteilt haben, k\u00f6nnen Sie diese jederzeit widerrufen. Ein solcher Widerruf beeinflusst die Zul\u00e4ssigkeit der Verarbeitung Ihrer personenbezogenen Daten, nachdem Sie ihn gegen\u00fcber uns ausgesprochen haben.<\/p><p class=\\\"standardtext\\\">Soweit wir die Verarbeitung Ihrer personenbezogenen Daten auf die Interessenabw\u00e4gung st\u00fctzen, k\u00f6nnen Sie Widerspruch gegen die Verarbeitung einlegen. Dies ist der Fall, wenn die Verarbeitung insbesondere nicht zur Erf\u00fcllung eines Vertrags mit Ihnen erforderlich ist, was von uns jeweils bei der nachfolgenden Beschreibung der Funktionen dargestellt wird. Bei Aus\u00fcbung eines solchen Widerspruchs bitten wir um Darlegung der Gr\u00fcnde, weshalb wir Ihre personenbezogenen Daten nicht wie von uns durchgef\u00fchrt verarbeiten sollten. Im Falle Ihres begr\u00fcndeten Widerspruchs pr\u00fcfen wir die Sachlage und werden entweder die Datenverarbeitung einstellen bzw. anpassen oder Ihnen unsere zwingenden schutzw\u00fcrdigen Gr\u00fcnde aufzeigen, aufgrund derer wir die Verarbeitung fortf\u00fchren.<\/p><p class=\\\"standardtext\\\">Selbstverst\u00e4ndlich k\u00f6nnen Sie der Verarbeitung Ihrer personenbezogenen Daten f\u00fcr Zwecke der Werbung und Datenanalyse jederzeit widersprechen. \u00dcber Ihren Werbewiderspruch k\u00f6nnen Sie uns unter den oben genannten Kontaktdaten informieren:<\/p><h3 class=\\\"entry-title\\\">\u00a7 9 \u00c4nderungen\u00a0<\/h3><p class=\\\"standardtext\\\">Wir behalten uns \u00c4nderungen vor und werden diese Datenschutzerkl\u00e4rung gegebenenfalls anpassen.<\/p><p class=\\\"standardtext\\\">Stand 25.05.2018<\/p><\/header>","_links":{"self":[{"href":"https:\/\/westino.com\/wpp\/index.php\/wp-json\/wp\/v2\/pages\/2813","targetHints":{"allow":["GET"]}}],"collection":[{"href":"https:\/\/westino.com\/wpp\/index.php\/wp-json\/wp\/v2\/pages"}],"about":[{"href":"https:\/\/westino.com\/wpp\/index.php\/wp-json\/wp\/v2\/types\/page"}],"author":[{"embeddable":true,"href":"https:\/\/westino.com\/wpp\/index.php\/wp-json\/wp\/v2\/users\/1"}],"replies":[{"embeddable":true,"href":"https:\/\/westino.com\/wpp\/index.php\/wp-json\/wp\/v2\/comments?post=2813"}],"version-history":[{"count":11,"href":"https:\/\/westino.com\/wpp\/index.php\/wp-json\/wp\/v2\/pages\/2813\/revisions"}],"predecessor-version":[{"id":4584,"href":"https:\/\/westino.com\/wpp\/index.php\/wp-json\/wp\/v2\/pages\/2813\/revisions\/4584"}],"wp:attachment":[{"href":"https:\/\/westino.com\/wpp\/index.php\/wp-json\/wp\/v2\/media?parent=2813"}],"curies":[{"name":"wp","href":"https:\/\/api.w.org\/{rel}","templated":true}]}}